{"id":5247,"date":"2021-10-14T21:37:17","date_gmt":"2021-10-14T21:37:17","guid":{"rendered":"https:\/\/www.berin.fo\/?page_id=5247"},"modified":"2024-07-18T09:28:50","modified_gmt":"2024-07-18T09:28:50","slug":"tidindi","status":"publish","type":"page","link":"https:\/\/www.berin.fo\/uk\/tidindi\/","title":{"rendered":"T\u00ed\u00f0indi"},"content":{"rendered":"\n<div style=\"height:60px\" aria-hidden=\"true\" class=\"wp-block-spacer\"><\/div>\n\n\n\n<div class=\"wp-block-cover alignfull is-light\"><span aria-hidden=\"true\" class=\"wp-block-cover__background has-background-dim-10 has-background-dim\"><\/span><img loading=\"lazy\" decoding=\"async\" width=\"2048\" height=\"1365\" class=\"wp-block-cover__image-background wp-image-2635\" alt=\"\" src=\"https:\/\/www.berin.fo\/wp-content\/uploads\/2023\/02\/Tidindi.jpg\" style=\"object-position:49% 21%\" data-object-fit=\"cover\" data-object-position=\"49% 21%\" srcset=\"https:\/\/www.berin.fo\/wp-content\/uploads\/2023\/02\/Tidindi.jpg 2048w, https:\/\/www.berin.fo\/wp-content\/uploads\/2023\/02\/Tidindi-800x533.jpg 800w, https:\/\/www.berin.fo\/wp-content\/uploads\/2023\/02\/Tidindi-1600x1066.jpg 1600w, https:\/\/www.berin.fo\/wp-content\/uploads\/2023\/02\/Tidindi-768x512.jpg 768w, https:\/\/www.berin.fo\/wp-content\/uploads\/2023\/02\/Tidindi-200x133.jpg 200w, https:\/\/www.berin.fo\/wp-content\/uploads\/2023\/02\/Tidindi-1536x1024.jpg 1536w, https:\/\/www.berin.fo\/wp-content\/uploads\/2023\/02\/Tidindi-600x400.jpg 600w\" sizes=\"auto, (max-width: 2048px) 100vw, 2048px\" \/><div class=\"wp-block-cover__inner-container is-layout-flow wp-block-cover-is-layout-flow\">\n<h2 class=\"wp-block-heading has-text-align-center has-white-color has-text-color has-large-font-size\">\u0410\u0440\u0445\u0456\u0432 \u043d\u043e\u0432\u0438\u043d<\/h2>\n<\/div><\/div>\n\n\n\n<div style=\"height:60px\" aria-hidden=\"true\" class=\"wp-block-spacer\"><\/div>\n\n\n\n<p>\u041d\u043e\u0432\u0456 \u0442\u0430 \u0441\u0442\u0430\u0440\u0456 \u043d\u043e\u0432\u0438\u043d\u0438.<\/p>\n\n\n\n<div style=\"height:60px\" aria-hidden=\"true\" class=\"wp-block-spacer\"><\/div>\n\n\n\n<div id=\"news-block_405c2405815c46ba890ba36f8c5a03a7\" class=\"lunnar-news\">\n\t\n            \n                <div class=\"swiper-viewport\">\n            <div class=\"swiper-container\">\n                <div class=\"swiper-wrapper\">\n        \n                                    \n                    <div class=\"swiper-slide\">\n                        \n<a class=\"news-card\" href=\"https:\/\/www.berin.fo\/kom-vid-til-familjutiltakid-hja-beranum-a-foroya-folkahaskula-2\/\">\n    <div class=\"news-card--image img-16-10\">\n                    <img decoding=\"async\" src=\"https:\/\/www.berin.fo\/wp-content\/uploads\/2025\/02\/Familjutiltak-1-1.jpg\" alt=\"\" style=\"object-position: 50% 50%\">\n            <\/div>\n\n    <div class=\"news-card--content\">\n        <div>\n            <h3>Kom vi\u00f0 til familjutiltaki\u00f0 hj\u00e1 Beranum \u00e1 F\u00f8roya F\u00f3lkah\u00e1sk\u00fala<\/h3>\n    \n            <p>Tiltaki\u00f0 ver\u00f0ur leygardagin 21. februar fr\u00e1 kl. 9. Um undirt\u00f8ka er, ber eisini til at gista \u00e1 sk\u00falanum til dagin eftir. Skr\u00e1in er fj\u00f8lbroytt, vi\u00f0 gaman og \u00e1lvara, har hugni og samv&#8230;<\/p>\n        <\/div>\n    \n        <small>27. jan. 2026&nbsp;&nbsp;|&nbsp;&nbsp;T\u00ed\u00f0indi<\/small>\n    <\/div>\n<\/a>                    <\/div>\n                    \n                                        \n                    <div class=\"swiper-slide\">\n                        \n<a class=\"news-card\" href=\"https:\/\/www.berin.fo\/born-hjalpa-bornum-3\/\">\n    <div class=\"news-card--image img-16-10\">\n                    <img decoding=\"async\" src=\"https:\/\/www.berin.fo\/wp-content\/uploads\/2025\/12\/1000005239-1600x1034.jpg\" alt=\"\" style=\"object-position: 50% 50%\">\n            <\/div>\n\n    <div class=\"news-card--content\">\n        <div>\n            <h3>B\u00f8rn hj\u00e1lpa b\u00f8rnum<\/h3>\n    \n            <p>\u00cd dag v\u00f3ru hesu fittu b\u00f8rnini, saman vi\u00f0 tveimum starvsf\u00f3lkum, og handa\u00f0u ein kekk fr\u00e1 innsavning hj\u00e1 Fr\u00edt\u00ed\u00f0arsk\u00falanum Sm\u00edlib\u00fdli\u00f0. Tey handa\u00f0u g\u00e1vuna, sum umbo\u00f0 fyri \u00f8ll \u00ed Fr\u00edt\u00ed\u00f0ar&#8230;<\/p>\n        <\/div>\n    \n        <small>17. des. 2025&nbsp;&nbsp;|&nbsp;&nbsp;T\u00ed\u00f0indi<\/small>\n    <\/div>\n<\/a>                    <\/div>\n                    \n                                        \n                    <div class=\"swiper-slide\">\n                        \n<a class=\"news-card\" href=\"https:\/\/www.berin.fo\/born-hjalpa-bornum-2\/\">\n    <div class=\"news-card--image img-16-10\">\n                    <img decoding=\"async\" src=\"https:\/\/www.berin.fo\/wp-content\/uploads\/2025\/12\/598809715_871299148732586_5836265294534790804_n.jpg\" alt=\"\" style=\"object-position: 50% 50%\">\n            <\/div>\n\n    <div class=\"news-card--content\">\n        <div>\n            <h3>B\u00f8rn hj\u00e1lpa b\u00f8rnum<\/h3>\n    \n            <p>\u00cd dag v\u00f3ru hesir fittu n\u00e6mingarnir, l\u00e6rari (Margit Ciliane Arnad\u00f3ttir Teindal) og sk\u00falastj\u00f3ri (Magnus \u00ed Kr\u00f3ki) og handa\u00f0u ein kekk fr\u00e1 innsavning \u00ed Kaldbaks sk\u00fala. Har h\u00f8vdu n\u00e6ming&#8230;<\/p>\n        <\/div>\n    \n        <small>15. des. 2025&nbsp;&nbsp;|&nbsp;&nbsp;T\u00ed\u00f0indi<\/small>\n    <\/div>\n<\/a>                    <\/div>\n                    \n                                        \n                    <div class=\"swiper-slide\">\n                        \n<a class=\"news-card\" href=\"https:\/\/www.berin.fo\/jolaverkstova-var-i-beranum-04-12-25\/\">\n    <div class=\"news-card--image img-16-10\">\n                    <img decoding=\"async\" src=\"https:\/\/www.berin.fo\/wp-content\/uploads\/2025\/12\/Joladekoration-1200x1600.jpg\" alt=\"\" style=\"object-position: 50% 50%\">\n            <\/div>\n\n    <div class=\"news-card--content\">\n        <div>\n            <h3>J\u00f3laverkstova var \u00ed Beranum 04.12.25<\/h3>\n    \n            <p>\u00cd gj\u00e1r var j\u00f3laverkstova og hugnal\u00f8ta \u00ed Beranum fyri foreldur, sum hava mist pinkub\u00f8rn Kathe Dahl, bl\u00f3mubindari, var \u00ed Beranum og leg\u00f0i lag \u00e1 at gera gravarpr\u00fd\u00f0i. Eisini v\u00f3ru stund&#8230;<\/p>\n        <\/div>\n    \n        <small> 5. des. 2025&nbsp;&nbsp;|&nbsp;&nbsp;T\u00ed\u00f0indi<\/small>\n    <\/div>\n<\/a>                    <\/div>\n                    \n                                        \n                    <div class=\"swiper-slide\">\n                        \n<a class=\"news-card\" href=\"https:\/\/www.berin.fo\/welcome-to-a-cozy-evening-at-berin\/\">\n    <div class=\"news-card--image img-16-10\">\n            <\/div>\n\n    <div class=\"news-card--content\">\n        <div>\n            <h3>Welcome to a cozy evening at Berin<\/h3>\n    \n            <p>The counseling program for Ukrainians at Berin has a new psychologist, Kristina Cole. On December 4th, she invites all Ukrainians in T\u00f3rshavnar kommuna to her presentation of the o&#8230;<\/p>\n        <\/div>\n    \n        <small> 4. des. 2025&nbsp;&nbsp;|&nbsp;&nbsp;T\u00ed\u00f0indi<\/small>\n    <\/div>\n<\/a>                    <\/div>\n                    \n                                        \n                    <div class=\"swiper-slide\">\n                        \n<a class=\"news-card\" href=\"https:\/\/www.berin.fo\/hjartaliga-vaelkomin-til-jolaverkstovu-og-hugnalotu-i-beranum-fyri-foreldur-sum-hava-mist-pinkuborn\/\">\n    <div class=\"news-card--image img-16-10\">\n                    <img decoding=\"async\" src=\"https:\/\/www.berin.fo\/wp-content\/uploads\/2025\/11\/582878891_18079251233132049_956422010713656818_n-1-1.jpg\" alt=\"\" style=\"object-position: 50% 50%\">\n            <\/div>\n\n    <div class=\"news-card--content\">\n        <div>\n            <h3>Hjartaliga v\u00e6lkomin til j\u00f3laverkstovu og hugnal\u00f8tu \u00ed Beranum fyri foreldur, sum hava mist pinkub\u00f8rn<\/h3>\n    \n            <p>Kathe Dahl, bl\u00f3mubindari, ver\u00f0ur \u00ed Beranum og leggur lag \u00e1 at gera gravarpr\u00fd\u00f0i (eitt hjarta). Stundir eru eisini til drekkamunn og hugna. Tiltaki\u00f0 ver\u00f0ur h\u00f3sv\u00f8ldi\u00f0 4. des. kl. 19-2&#8230;<\/p>\n        <\/div>\n    \n        <small>21. nov. 2025&nbsp;&nbsp;|&nbsp;&nbsp;T\u00ed\u00f0indi<\/small>\n    <\/div>\n<\/a>                    <\/div>\n                    \n                                        \n                    <div class=\"swiper-slide\">\n                        \n<a class=\"news-card\" href=\"https:\/\/www.berin.fo\/minningarhald-fyri-born-id-farin-eru-verdur-allahalganna-sunnudag-2-november-kl-16-00-i-havnar-kirkju\/\">\n    <div class=\"news-card--image img-16-10\">\n                    <img decoding=\"async\" src=\"https:\/\/www.berin.fo\/wp-content\/uploads\/2025\/10\/571217561_3295556600599184_1642626677998770133_n.jpg\" alt=\"\" style=\"object-position: 50% 50%\">\n            <\/div>\n\n    <div class=\"news-card--content\">\n        <div>\n            <h3>Minningarhald fyri b\u00f8rn, i\u00f0 farin eru, ver\u00f0ur allahalganna sunnudag 2.november kl. 16.00 \u00ed Havnar kirkju.<\/h3>\n    \n            <p>Lis Samuelsen, prestur pr\u00e6dikar. Gu\u00f0run S\u00f3lja Jacobsen og Janus Kampann sp\u00e6la. Drekkamunnur ver\u00f0ur \u00ed Kirkjustovu aftan\u00e1 gudst\u00e6nastuna. \u00d8ll eru hjartaliga v\u00e6lkomin. Minningarhaldi\u00f0 &#8230;<\/p>\n        <\/div>\n    \n        <small>30. okt. 2025&nbsp;&nbsp;|&nbsp;&nbsp;T\u00ed\u00f0indi<\/small>\n    <\/div>\n<\/a>                    <\/div>\n                    \n                                        \n                    <div class=\"swiper-slide\">\n                        \n<a class=\"news-card\" href=\"https:\/\/www.berin.fo\/salarheilsuvirdislonin-2025-vard-latin-oddvor-poulsen-og-elsebeth-sannu-a-krakusteini\/\">\n    <div class=\"news-card--image img-16-10\">\n                    <img decoding=\"async\" src=\"https:\/\/www.berin.fo\/wp-content\/uploads\/2025\/10\/562532153_18408226924143174_7398784599489903121_n.jpg\" alt=\"\" style=\"object-position: 50% 50%\">\n            <\/div>\n\n    <div class=\"news-card--content\">\n        <div>\n            <h3>S\u00e1larheilsuvir\u00f0isl\u00f8nin 2025 var\u00f0 latin Oddv\u00f8r Poulsen og Elsebeth Sannu \u00e1 Kr\u00e1kusteini<\/h3>\n    \n            <p>Sinnisbati hei\u00f0rar Oddv\u00f8r fyri hennara g\u00f3\u00f0a og t\u00fddningarmikla arbei\u00f0i \u00ed Beranum fyri menniskju \u00ed sorg og kreppu. Oddv\u00f8r hevur givi\u00f0 n\u00f3gvum einstaklingum og familjum ein m\u00f8guleika a&#8230;<\/p>\n        <\/div>\n    \n        <small>14. okt. 2025&nbsp;&nbsp;|&nbsp;&nbsp;T\u00ed\u00f0indi<\/small>\n    <\/div>\n<\/a>                    <\/div>\n                    \n                                        \n                    <div class=\"swiper-slide\">\n                        \n<a class=\"news-card\" href=\"https:\/\/www.berin.fo\/savnadu-1-590-000-kr-til-born-vid-haettisligum-sjukum\/\">\n    <div class=\"news-card--image img-16-10\">\n                    <img decoding=\"async\" src=\"https:\/\/www.berin.fo\/wp-content\/uploads\/2025\/10\/2_DSCF4965-1600x1066.jpg\" alt=\"\" style=\"object-position: 50% 50%\">\n            <\/div>\n\n    <div class=\"news-card--content\">\n        <div>\n            <h3>Savna\u00f0u 1.590.000 kr til b\u00f8rn vi\u00f0 h\u00e6ttisligum sj\u00fakum<\/h3>\n    \n            <p>Hjartans t\u00f8kk til Team Rynkeby F\u00f8royar fyri v\u00e6lgerandi innsavningina til b\u00f8rn vi\u00f0 \u00e1lvarsligum sj\u00fakum Innkomna peningaupph\u00e6ddin \u00ed \u00e1r er 1.590.000 kr. Peningurin, sum Team Rynkeby F\u00f8&#8230;<\/p>\n        <\/div>\n    \n        <small>14. okt. 2025&nbsp;&nbsp;|&nbsp;&nbsp;T\u00ed\u00f0indi<\/small>\n    <\/div>\n<\/a>                    <\/div>\n                    \n                                        \n                    <div class=\"swiper-slide\">\n                        \n<a class=\"news-card\" href=\"https:\/\/www.berin.fo\/familjutiltakid-hja-beranum\/\">\n    <div class=\"news-card--image img-16-10\">\n                    <img decoding=\"async\" src=\"https:\/\/www.berin.fo\/wp-content\/uploads\/2025\/02\/Familjutiltak-1-1.jpg\" alt=\"\" style=\"object-position: 50% 50%\">\n            <\/div>\n\n    <div class=\"news-card--content\">\n        <div>\n            <h3>Familjutiltaki\u00f0 hj\u00e1 Beranum<\/h3>\n    \n            <p>Kom vi\u00f0 til familjutiltaki\u00f0 hj\u00e1 Beranum \u00e1 F\u00f8roya F\u00f3lkah\u00e1sk\u00fala Tiltaki\u00f0 ver\u00f0ur leygardagin 22. februar fr\u00e1 kl. 9 Skr\u00e1in er fj\u00f8lbroytt, vi\u00f0 gaman og \u00e1lvara, har hugni og samvera er \u00ed&#8230;<\/p>\n        <\/div>\n    \n        <small> 3. feb. 2025&nbsp;&nbsp;|&nbsp;&nbsp;T\u00ed\u00f0indi<\/small>\n    <\/div>\n<\/a>                    <\/div>\n                    \n                                        \n                    <div class=\"swiper-slide\">\n                        \n<a class=\"news-card\" href=\"https:\/\/www.berin.fo\/hjartans-tokk-til-kiwanis-torshavn\/\">\n    <div class=\"news-card--image img-16-10\">\n                    <img decoding=\"async\" src=\"https:\/\/www.berin.fo\/wp-content\/uploads\/2025\/02\/Kiwanis-Torshavn.webp\" alt=\"\" style=\"object-position: 50% 50%\">\n            <\/div>\n\n    <div class=\"news-card--content\">\n        <div>\n            <h3>Hjartans t\u00f8kk til Kiwanis T\u00f3rshavn<\/h3>\n    \n            <p>Hjartans t\u00f8kk til Kiwanis T\u00f3rshavn, sum hava savna\u00f0 85.000 kr til Beran. Og til \u00f8ll tykkum, i\u00f0 hava stu\u00f0la\u00f0 j\u00f3latr\u00e6ss\u00f8luni hj\u00e1 Kiwanis Kiwanis T\u00f3rshavn hevur \u00ed \u00e1r lati\u00f0 yvirskoti\u00f0 &#8230;<\/p>\n        <\/div>\n    \n        <small> 3. feb. 2025&nbsp;&nbsp;|&nbsp;&nbsp;T\u00ed\u00f0indi<\/small>\n    <\/div>\n<\/a>                    <\/div>\n                    \n                                        \n                    <div class=\"swiper-slide\">\n                        \n<a class=\"news-card\" href=\"https:\/\/www.berin.fo\/kiwanis-studlar-beranum-vid-yvirskotid-fra-jolatraessoluni-i-ar\/\">\n    <div class=\"news-card--image img-16-10\">\n                    <img decoding=\"async\" src=\"https:\/\/www.berin.fo\/wp-content\/uploads\/2024\/12\/470043671_18046210640132049_2996663637138590126_n.jpg\" alt=\"\" style=\"object-position: 50% 50%\">\n            <\/div>\n\n    <div class=\"news-card--content\">\n        <div>\n            <h3>Kiwanis stu\u00f0lar Beranum vi\u00f0 yvirskoti\u00f0 fr\u00e1 j\u00f3latr\u00e6ss\u00f8luni \u00ed \u00e1r<\/h3>\n    \n            <p>Eins og undanfarin skipar felagsskapurin Kiwanis fyri j\u00f3latr\u00e6ss\u00f8lu uttanfyri Sj\u00f3nleikarh\u00fasi\u00f0 Havn. Talan er um sj\u00e1lvbo\u00f0i\u00f0 arbei\u00f0i, har yvirskoti\u00f0 av s\u00f8luni ver\u00f0ur l\u00e6ti\u00f0 v\u00e6lger\u00f0andi&#8230;<\/p>\n        <\/div>\n    \n        <small>16. des. 2024&nbsp;&nbsp;|&nbsp;&nbsp;T\u00ed\u00f0indi<\/small>\n    <\/div>\n<\/a>                    <\/div>\n                    \n                                        \n                    <div class=\"swiper-slide\">\n                        \n<a class=\"news-card\" href=\"https:\/\/www.berin.fo\/altjoda-dagur-fyri-pinkubarnadeyda-verdur-tysdagin-15-okt-i-beranum-torshavn\/\">\n    <div class=\"news-card--image img-16-10\">\n                    <img decoding=\"async\" src=\"https:\/\/www.berin.fo\/wp-content\/uploads\/2024\/10\/463389162_18039895280132049_2720722080568275522_n.jpg\" alt=\"\" style=\"object-position: 50% 50%\">\n            <\/div>\n\n    <div class=\"news-card--content\">\n        <div>\n            <h3>Altj\u00f3\u00f0a dagur fyri pinkubarnadey\u00f0a ver\u00f0ur t\u00fdsdagin 15. okt. \u00ed Beranum, T\u00f3rshavn<\/h3>\n    \n            <p>Aftur \u00ed \u00e1r ver\u00f0ur skipa\u00f0 fyri Altj\u00f3\u00f0adag fyri pinkubarnadey\u00f0a. T\u00e1 i\u00f0 vit missa eitt pinkubarn, missa vit ein part av okkum sj\u00e1lvum. Ein part av okkara framt\u00ed\u00f0, ein part av okkara s&#8230;<\/p>\n        <\/div>\n    \n        <small>15. okt. 2024&nbsp;&nbsp;|&nbsp;&nbsp;T\u00ed\u00f0indi<\/small>\n    <\/div>\n<\/a>                    <\/div>\n                    \n                                        \n                    <div class=\"swiper-slide\">\n                        \n<a class=\"news-card\" href=\"https:\/\/www.berin.fo\/jolabasarin-hevur-laetid-studulsgavu-til-beran\/\">\n    <div class=\"news-card--image img-16-10\">\n                    <img decoding=\"async\" src=\"https:\/\/www.berin.fo\/wp-content\/uploads\/2024\/10\/Mynd-1-Jolabasarurin-1600x900.jpg\" alt=\"\" style=\"object-position: 50% 50%\">\n            <\/div>\n\n    <div class=\"news-card--content\">\n        <div>\n            <h3>J\u00f3labasarin hevur l\u00e6ti\u00f0 stu\u00f0ulsg\u00e1vu til Beran<\/h3>\n    \n            <p>Hjartans t\u00f8kk til f\u00f8royska J\u00f3labasarin \u00ed Keypmannahavn, sum hevur l\u00e6ti\u00f0 20.000 kr. \u00ed stu\u00f0ulsg\u00e1vu til arbei\u00f0i\u00f0 hj\u00e1 Beranum &lt;3 J\u00f3labasarurin skrivar:\u201cBerin ger eitt st\u00f3rt fyribyrg&#8230;<\/p>\n        <\/div>\n    \n        <small> 7. okt. 2024&nbsp;&nbsp;|&nbsp;&nbsp;T\u00ed\u00f0indi<\/small>\n    <\/div>\n<\/a>                    <\/div>\n                    \n                                        \n                    <div class=\"swiper-slide\">\n                        \n<a class=\"news-card\" href=\"https:\/\/www.berin.fo\/foroyskur-finalistur-til-miss-danmark-2024-varpar-ljos-a-beran\/\">\n    <div class=\"news-card--image img-16-10\">\n                    <img decoding=\"async\" src=\"https:\/\/www.berin.fo\/wp-content\/uploads\/2024\/09\/asta_danielsen.jpeg\" alt=\"\" style=\"object-position: 50% 50%\">\n            <\/div>\n\n    <div class=\"news-card--content\">\n        <div>\n            <h3>F\u00f8royskur finalistur til Miss Danmark 2024 varpar lj\u00f3s \u00e1 Beran<\/h3>\n    \n            <p>Vakra Asta Danielsen var ein av finalistunum til Miss Danmark 2024. Sum partur av kappingini lutt\u00f3k Asta \u00ed einum v\u00e6lger\u00f0andi \u00e1taki, sum eitur \u201dBeauty with a Purpose\u201d. Sum t.d. kann&#8230;<\/p>\n        <\/div>\n    \n        <small> 9. sept. 2024&nbsp;&nbsp;|&nbsp;&nbsp;T\u00ed\u00f0indi<\/small>\n    <\/div>\n<\/a>                    <\/div>\n                    \n                                        \n                    <div class=\"swiper-slide\">\n                        \n<a class=\"news-card\" href=\"https:\/\/www.berin.fo\/salarfrodingur-ella-salarvidgeri-til-beran\/\">\n    <div class=\"news-card--image img-16-10\">\n                    <img decoding=\"async\" src=\"https:\/\/www.berin.fo\/wp-content\/uploads\/2024\/07\/Skaermbillede-2003.png\" alt=\"\" style=\"object-position: 50% 50%\">\n            <\/div>\n\n    <div class=\"news-card--content\">\n        <div>\n            <h3>S\u00e1larfr\u00f8\u00f0ingur ella s\u00e1larvi\u00f0geri til Beran<\/h3>\n    \n            <p>Berin hevur eitt \u00e1hugavert og avbj\u00f3\u00f0andi starv sum s\u00e1larfr\u00f8\u00f0ingur ella s\u00e1larvi\u00f0geri leyst at s\u00f8kja. Brennur t\u00fa fyri at gera ein mun fyri b\u00f8rn, ung og foreldur, sum hava mist ella&#038;n&#8230;<\/p>\n        <\/div>\n    \n        <small>11. jul. 2024&nbsp;&nbsp;|&nbsp;&nbsp;T\u00ed\u00f0indi<\/small>\n    <\/div>\n<\/a>                    <\/div>\n                    \n                                        \n                    <div class=\"swiper-slide\">\n                        \n<a class=\"news-card\" href=\"https:\/\/www.berin.fo\/studulsgava-fra-foroyskum-hondboltsfjepparum-og-gulli-gluggum\/\">\n    <div class=\"news-card--image img-16-10\">\n                    <img decoding=\"async\" src=\"https:\/\/www.berin.fo\/wp-content\/uploads\/2024\/03\/20240203_110332-1200x1600.jpg\" alt=\"\" style=\"object-position: 50% 50%\">\n            <\/div>\n\n    <div class=\"news-card--content\">\n        <div>\n            <h3>Stu\u00f0ulsg\u00e1va fr\u00e1 F\u00f8royskum hondb\u00f3ltsfjepparum og Gulli Gluggum<\/h3>\n    \n            <p>Eftir EM dystirnar \u00ed Berlin fekk Berin hesa serst\u00f8ku heilsan fr\u00e1 F\u00f8royskum hondb\u00f3ltsfjepparum: &#8220;F\u00f8royskir hondb\u00f3ltsfjepparar ynsktu at gera s\u00e6r d\u00e6lt av, at leikarnir \u00e1 manslandsli\u00f0&#8230;<\/p>\n        <\/div>\n    \n        <small>12. mar. 2024&nbsp;&nbsp;|&nbsp;&nbsp;T\u00ed\u00f0indi<\/small>\n    <\/div>\n<\/a>                    <\/div>\n                    \n                                        \n                    <div class=\"swiper-slide\">\n                        \n<a class=\"news-card\" href=\"https:\/\/www.berin.fo\/kom-vid-til-familjutiltakid-hja-beranum-a-foroya-folkahaskula\/\">\n    <div class=\"news-card--image img-16-10\">\n                    <img decoding=\"async\" src=\"https:\/\/www.berin.fo\/wp-content\/uploads\/2024\/01\/419279586_396265362902636_404896290007573986_n-1600x1200.jpg\" alt=\"\" style=\"object-position: 50% 50%\">\n            <\/div>\n\n    <div class=\"news-card--content\">\n        <div>\n            <h3>Kom vi\u00f0 til familjutiltaki\u00f0 hj\u00e1 Beranum \u00e1 F\u00f8roya F\u00f3lkah\u00e1sk\u00fala<\/h3>\n    \n            <p>Tiltaki\u00f0 ver\u00f0ur \u00ed vikuskiftinum 3.-4. februar. Skr\u00e1in er fj\u00f8lbroytt, vi\u00f0 gaman og \u00e1lvara, har hugni og samvera er \u00ed h\u00e1s\u00e6ti. Har ver\u00f0ur m.a.: \u2022 Spennandi kreativar verkstovur innan &#8230;<\/p>\n        <\/div>\n    \n        <small>22. jan. 2024&nbsp;&nbsp;|&nbsp;&nbsp;T\u00ed\u00f0indi<\/small>\n    <\/div>\n<\/a>                    <\/div>\n                    \n                                        \n                    <div class=\"swiper-slide\">\n                        \n<a class=\"news-card\" href=\"https:\/\/www.berin.fo\/nytt-bolkaskeid-fyri-born-og-ung-byrjar-i-beranum-i-jan-feb\/\">\n    <div class=\"news-card--image img-16-10\">\n                    <img decoding=\"async\" src=\"https:\/\/www.berin.fo\/wp-content\/uploads\/2024\/01\/Nyggir-bolkar12.png\" alt=\"\" style=\"object-position: 50% 50%\">\n            <\/div>\n\n    <div class=\"news-card--content\">\n        <div>\n            <h3>N\u00fdtt b\u00f3lkaskei\u00f0 fyri b\u00f8rn og ung byrjar \u00ed Beranum \u00ed jan\/feb<\/h3>\n    \n            <p>Kundi t\u00fa hugsa\u00f0 t\u00e6r at luttiki\u00f0 ella at fingi\u00f0 meira kunning um b\u00f3lkarnar? Ella kennir t\u00fa onkran, i\u00f0 hevur mist ella sum hevur avvar\u00f0andi vi\u00f0 \u00e1lvarsamari sj\u00faku? Umframt b\u00f3lkar fyri&#8230;<\/p>\n        <\/div>\n    \n        <small>22. jan. 2024&nbsp;&nbsp;|&nbsp;&nbsp;T\u00ed\u00f0indi<\/small>\n    <\/div>\n<\/a>                    <\/div>\n                    \n                                        \n                    <div class=\"swiper-slide\">\n                        \n<a class=\"news-card\" href=\"https:\/\/www.berin.fo\/born-hjalpa-bornum\/\">\n    <div class=\"news-card--image img-16-10\">\n                    <img decoding=\"async\" src=\"https:\/\/www.berin.fo\/wp-content\/uploads\/2023\/12\/620aa9c052771b6b82f500b45417e02d1d8f9b15_w1152_h0_fS.jpg\" alt=\"\" style=\"object-position: 50% 50%\">\n            <\/div>\n\n    <div class=\"news-card--content\">\n        <div>\n            <h3>B\u00f8rn hj\u00e1lpa b\u00f8rnum<\/h3>\n    \n            <p>\u2018B\u00f8rn hj\u00e1lpa b\u00f8rnum\u2019 er eitt \u00e1rligt innsavningartiltak hj\u00e1 Sk\u00falanum vi\u00f0 L\u00f8gmannabreyt. Hetta er 10. \u00e1ri\u00f0 at tiltaki\u00f0 er fyriskipa\u00f0. \u00cd \u00e1r h\u00f8vdu tey savna\u00f0 ikki minni enn 30.238 kr.,&#8230;<\/p>\n        <\/div>\n    \n        <small> 6. des. 2023&nbsp;&nbsp;|&nbsp;&nbsp;T\u00ed\u00f0indi<\/small>\n    <\/div>\n<\/a>                    <\/div>\n                    \n                                        \n                    <div class=\"swiper-slide\">\n                        \n<a class=\"news-card\" href=\"https:\/\/www.berin.fo\/jolaverkstova-fyri-foreldur-sum-hava-mist-pinkuborn\/\">\n    <div class=\"news-card--image img-16-10\">\n                    <img decoding=\"async\" src=\"https:\/\/www.berin.fo\/wp-content\/uploads\/2023\/12\/IMG_53D89EC03C9A-1-1139x1600.jpg\" alt=\"\" style=\"object-position: 50% 50%\">\n            <\/div>\n\n    <div class=\"news-card--content\">\n        <div>\n            <h3>J\u00f3laverkstova fyri foreldur, sum hava mist pinkub\u00f8rn<\/h3>\n    \n            <p>Sunnudagin var verkstova \u00ed Beranum, har foreldur, sum hava mist pinkub\u00f8rn, gj\u00f8rdu gravarpr\u00fd\u00f0i. Tiltaki\u00f0 var fyriskipa\u00f0 av sj\u00e1lvbodnum og \u00ed samstarvi vi\u00f0 Bl\u00f3mustudio \u00ed Vestmanna. Ei&#8230;<\/p>\n        <\/div>\n    \n        <small> 6. des. 2023&nbsp;&nbsp;|&nbsp;&nbsp;T\u00ed\u00f0indi<\/small>\n    <\/div>\n<\/a>                    <\/div>\n                    \n                                        \n                    <div class=\"swiper-slide\">\n                        \n<a class=\"news-card\" href=\"https:\/\/www.berin.fo\/jolaverkstova-i-beranum\/\">\n    <div class=\"news-card--image img-16-10\">\n                    <img decoding=\"async\" src=\"https:\/\/www.berin.fo\/wp-content\/uploads\/2023\/11\/Angela-canva-myndir-2.png\" alt=\"\" style=\"object-position: 50% 50%\">\n            <\/div>\n\n    <div class=\"news-card--content\">\n        <div>\n            <h3>J\u00f3laverkstova \u00ed Beranum<\/h3>\n    \n            <p>Hjartaliga v\u00e6lkomin til j\u00f3laverkstovu og hugnal\u00f8tu \u00ed Beranum fyri foreldur, sum hava mist pinkub\u00f8rn. Tiltaki\u00f0 ver\u00f0ur \u00ed Beranum leygardagin 2. des. kl. 15-17. Elin \u00far Bl\u00f3mustudio ve&#8230;<\/p>\n        <\/div>\n    \n        <small>17. nov. 2023&nbsp;&nbsp;|&nbsp;&nbsp;T\u00ed\u00f0indi<\/small>\n    <\/div>\n<\/a>                    <\/div>\n                    \n                                        \n                    <div class=\"swiper-slide\">\n                        \n<a class=\"news-card\" href=\"https:\/\/www.berin.fo\/angelu-er-komin-i-starvsvenjing-i-beranum\/\">\n    <div class=\"news-card--image img-16-10\">\n                    <img decoding=\"async\" src=\"https:\/\/www.berin.fo\/wp-content\/uploads\/2023\/11\/Angela-2.png\" alt=\"\" style=\"object-position: 50% 50%\">\n            <\/div>\n\n    <div class=\"news-card--content\">\n        <div>\n            <h3>Angelu er komin \u00ed starvsvenjing \u00ed Beranum<\/h3>\n    \n            <p>\u00cd dag er Angela byrja\u00f0 \u00ed starvsvenjing \u00ed Beranum. Hon gongur \u00ed 9. flokki \u00ed Stranda sk\u00fala. Angela misti mammu s\u00edna br\u00e1dliga, t\u00e1 hon var 5 \u00e1r. Angela hevur eisini luttiki\u00f0 \u00ed Beranum&#8230;.<\/p>\n        <\/div>\n    \n        <small>13. nov. 2023&nbsp;&nbsp;|&nbsp;&nbsp;T\u00ed\u00f0indi<\/small>\n    <\/div>\n<\/a>                    <\/div>\n                    \n                                        \n                    <div class=\"swiper-slide\">\n                        \n<a class=\"news-card\" href=\"https:\/\/www.berin.fo\/u13-dreingir-hava-latid-beranum-studulsgavu\/\">\n    <div class=\"news-card--image img-16-10\">\n                    <img decoding=\"async\" src=\"https:\/\/www.berin.fo\/wp-content\/uploads\/2023\/09\/Billede1.jpg\" alt=\"\" style=\"object-position: 50% 50%\">\n            <\/div>\n\n    <div class=\"news-card--content\">\n        <div>\n            <h3>U13 dreingir hava lati\u00f0 Beranum stu\u00f0ulsg\u00e1vu<\/h3>\n    \n            <p>U13 dreingir hj\u00e1 HB v\u00f3ru \u00ed summar til DanaCup kapping \u00ed Danmark. Tey savnadu pening inn til t\u00farin vi\u00f0 at hava kiosk til heimadystir hj\u00e1 HB, innsavning av fl\u00f8skum og selja skava og &#8230;<\/p>\n        <\/div>\n    \n        <small> 4. sept. 2023&nbsp;&nbsp;|&nbsp;&nbsp;T\u00ed\u00f0indi<\/small>\n    <\/div>\n<\/a>                    <\/div>\n                    \n                                        \n                    <div class=\"swiper-slide\">\n                        \n<a class=\"news-card\" href=\"https:\/\/www.berin.fo\/lionsbikarid-berin-faer-agodan\/\">\n    <div class=\"news-card--image img-16-10\">\n                    <img decoding=\"async\" src=\"https:\/\/www.berin.fo\/wp-content\/uploads\/2023\/08\/lionsbikor-002-1600x1067.jpg\" alt=\"\" style=\"object-position: 50% 50%\">\n            <\/div>\n\n    <div class=\"news-card--content\">\n        <div>\n            <h3>Lionsbikari\u00f0: Berin f\u00e6r \u00e1g\u00f3\u00f0an<\/h3>\n    \n            <p>Sunnudagin eru dystirnir um Lionsbikari\u00f0 hj\u00e1 kvinnum og monnum, og \u00e1g\u00f3\u00f0in hesafer\u00f0 ver\u00f0ur latin Beranum. Dystirnir um Lionsbikari\u00f0 eru hj\u00e1 kvinnum klokkan 15 millum H71 og Kyndil, &#8230;<\/p>\n        <\/div>\n    \n        <small>29. aug. 2023&nbsp;&nbsp;|&nbsp;&nbsp;T\u00ed\u00f0indi<\/small>\n    <\/div>\n<\/a>                    <\/div>\n                    \n                                        \n                    <div class=\"swiper-slide\">\n                        \n<a class=\"news-card\" href=\"https:\/\/www.berin.fo\/dansibandsfestivalurin-latid-studul-til-beran\/\">\n    <div class=\"news-card--image img-16-10\">\n                    <img decoding=\"async\" src=\"https:\/\/www.berin.fo\/wp-content\/uploads\/2023\/08\/IMG_20230604_161507-1024x768.jpg.webp\" alt=\"\" style=\"object-position: 50% 50%\">\n            <\/div>\n\n    <div class=\"news-card--content\">\n        <div>\n            <h3>Dansibandsfestivalurin lati\u00f0 stu\u00f0ul til Beran<\/h3>\n    \n            <p>Eins og undanfarin \u00e1r, so hevur Dansibandsfestivalurin aftur \u00ed \u00e1r gj\u00f8rt av at lata stu\u00f0ul til ymisk fel\u00f8g. \u00cd \u00e1r var\u00f0 tilsamans lati\u00f0 154.000 kr. \u00ed stu\u00f0li til VB, FC Su\u00f0uroy, Johann&#8230;<\/p>\n        <\/div>\n    \n        <small>29. aug. 2023&nbsp;&nbsp;|&nbsp;&nbsp;T\u00ed\u00f0indi<\/small>\n    <\/div>\n<\/a>                    <\/div>\n                    \n                                        \n                    <div class=\"swiper-slide\">\n                        \n<a class=\"news-card\" href=\"https:\/\/www.berin.fo\/nyggir-bolkar-fara-at-byrja-i-beranum\/\">\n    <div class=\"news-card--image img-16-10\">\n                    <img decoding=\"async\" src=\"https:\/\/www.berin.fo\/wp-content\/uploads\/2021\/11\/Bolkar-1600x1066.jpg\" alt=\"\" style=\"object-position: 50% 50%\">\n            <\/div>\n\n    <div class=\"news-card--content\">\n        <div>\n            <h3>N\u00fdggir b\u00f3lkar fara at byrja \u00ed Beranum<\/h3>\n    \n            <p>Hevur t\u00fa mist foreldur ella systkin? Hevur t\u00fa foreldur ella systkin vi\u00f0 \u00e1lvarsamari sj\u00faku? Okkara royndir v\u00edsa, at b\u00f8rn og ung ofta ganga einsam\u00f8ll vi\u00f0 tungum tonkum, kenslum og st&#8230;<\/p>\n        <\/div>\n    \n        <small>14. jul. 2023&nbsp;&nbsp;|&nbsp;&nbsp;T\u00ed\u00f0indi<\/small>\n    <\/div>\n<\/a>                    <\/div>\n                    \n                                        \n                    <div class=\"swiper-slide\">\n                        \n<a class=\"news-card\" href=\"https:\/\/www.berin.fo\/ein-hjartans-tokk\/\">\n    <div class=\"news-card--image img-16-10\">\n                    <img decoding=\"async\" src=\"https:\/\/www.berin.fo\/wp-content\/uploads\/2023\/03\/IMG-2456-1600x900.jpg\" alt=\"\" style=\"object-position: 50% 50%\">\n            <\/div>\n\n    <div class=\"news-card--content\">\n        <div>\n            <h3>Ein hjartans t\u00f8kk<\/h3>\n    \n            <p>Vit eru \u00f3metaliga takksom og ey\u00f0mj\u00fak um st\u00f3ra stu\u00f0ulin, sum kom inn \u00ed samband vi\u00f0 landsinnsavningina \u00a0\u2764\ufe0f\ud83d\ude42 3.389.020 Kr.&nbsp; Hjartans t\u00f8kk til tykkum \u00f8ll, sum hava stu\u00f0la\u00f0.\u00a0 Stu\u00f0u&#8230;<\/p>\n        <\/div>\n    \n        <small> 7. mar. 2023&nbsp;&nbsp;|&nbsp;&nbsp;T\u00ed\u00f0indi<\/small>\n    <\/div>\n<\/a>                    <\/div>\n                    \n                                        \n                    <div class=\"swiper-slide\">\n                        \n<a class=\"news-card\" href=\"https:\/\/www.berin.fo\/3026-2\/\">\n    <div class=\"news-card--image img-16-10\">\n                    <img decoding=\"async\" src=\"https:\/\/www.berin.fo\/wp-content\/uploads\/2023\/03\/Mynd3_Tidindaskriv_landsinnsavnan.jpg\" alt=\"\" style=\"object-position: 50% 50%\">\n            <\/div>\n\n    <div class=\"news-card--content\">\n        <div>\n            <h3>Stu\u00f0lar, sum mangla\u00f0u \u00e1 breddanum<\/h3>\n    \n            <p>Vegna st\u00f3rt tr\u00fdst \u00e1 skipanina, komu hesir stu\u00f0lar ikki \u00e1 breddan undir landsinnsavningini. Vit takka tykkum hjartaliga fyri stu\u00f0ulin. Takk fyri v\u00e6lvild til Beran. Sp\/f JP Vang F\u00f8ro&#8230;<\/p>\n        <\/div>\n    \n        <small> 7. mar. 2023&nbsp;&nbsp;|&nbsp;&nbsp;T\u00ed\u00f0indi<\/small>\n    <\/div>\n<\/a>                    <\/div>\n                    \n                                        \n                    <div class=\"swiper-slide\">\n                        \n<a class=\"news-card\" href=\"https:\/\/www.berin.fo\/kontonummur-til-landsinnsavningina\/\">\n    <div class=\"news-card--image img-16-10\">\n                    <img decoding=\"async\" src=\"https:\/\/www.berin.fo\/wp-content\/uploads\/2023\/03\/Berin_kontonr_Facebook_1200x900.jpg\" alt=\"\" style=\"object-position: 50% 50%\">\n            <\/div>\n\n    <div class=\"news-card--content\">\n        <div>\n            <h3>Kontonummur til landsinnsavning<\/h3>\n    \n            <p>Stu\u00f0la Beranum. Berin hevur 20 \u00e1ra f\u00f8\u00f0ingardag, og \u00ed t\u00ed samband, ver\u00f0ur landsinnsavnan \u00ed Kringvarpi F\u00f8roya sunnukv\u00f8ldi\u00f0 5. mars kl. 19. Endam\u00e1li\u00f0 er at styrkja arbei\u00f0i\u00f0 hj\u00e1 Beranum&#8230;<\/p>\n        <\/div>\n    \n        <small> 4. mar. 2023&nbsp;&nbsp;|&nbsp;&nbsp;T\u00ed\u00f0indi<\/small>\n    <\/div>\n<\/a>                    <\/div>\n                    \n                                        \n                    <div class=\"swiper-slide\">\n                        \n<a class=\"news-card\" href=\"https:\/\/www.berin.fo\/tidindaskriv\/\">\n    <div class=\"news-card--image img-16-10\">\n                    <img decoding=\"async\" src=\"https:\/\/www.berin.fo\/wp-content\/uploads\/2023\/02\/Mynd3_Tidindaskriv_landsinnsavnan-1.jpg\" alt=\"\" style=\"object-position: 50% 50%\">\n            <\/div>\n\n    <div class=\"news-card--content\">\n        <div>\n            <h3>Berin landsinnsavning 5. mars<\/h3>\n    \n            <p>T\u00ed\u00f0indaskriv: \u00cd \u00e1r eru 20 \u00e1r s\u00ed\u00f0ani, at Berin var\u00f0 stovna\u00f0ur. \u00cd hesum sambandi ver\u00f0ur skipa\u00f0 fyrist\u00f3rari landsinnsavning \u00ed Kringvarpinum sunnukv\u00f8ldi\u00f0 5. mars kl. 19.00 Berin var\u00f0 s&#8230;<\/p>\n        <\/div>\n    \n        <small>24. feb. 2023&nbsp;&nbsp;|&nbsp;&nbsp;T\u00ed\u00f0indi<\/small>\n    <\/div>\n<\/a>                    <\/div>\n                    \n                                        \n                    <div class=\"swiper-slide\">\n                        \n<a class=\"news-card\" href=\"https:\/\/www.berin.fo\/berin-ein-glotti-i-myrku-sorgini\/\">\n    <div class=\"news-card--image img-16-10\">\n                    <img decoding=\"async\" src=\"https:\/\/www.berin.fo\/wp-content\/uploads\/2023\/02\/Webklip_24-2-2023_214315_4.jpeg\" alt=\"\" style=\"object-position: 50% 50%\">\n            <\/div>\n\n    <div class=\"news-card--content\">\n        <div>\n            <h3>Berin ein glotti \u00ed myrku sorgini<\/h3>\n    \n            <p>Skriv til fyrit\u00f8kur: \u00cd \u00e1r eru 20 \u00e1r s\u00ed\u00f0ani, at felagi\u00f0 Berin var\u00f0 stovna\u00f0. \u00cd hesum sambandi ver\u00f0ur skipa\u00f0 fyri st\u00f3rari landsinnsavning sunnukv\u00f8ldi\u00f0 5. mars \u00ed Kringvarpi F\u00f8roya. Vit&#8230;<\/p>\n        <\/div>\n    \n        <small>23. feb. 2023&nbsp;&nbsp;|&nbsp;&nbsp;T\u00ed\u00f0indi<\/small>\n    <\/div>\n<\/a>                    <\/div>\n                    \n                                        \n                    <div class=\"swiper-slide\">\n                        \n<a class=\"news-card\" href=\"https:\/\/www.berin.fo\/hevur-tu-hoyrt-okkara-nyggja-podd\/\">\n    <div class=\"news-card--image img-16-10\">\n                    <img decoding=\"async\" src=\"https:\/\/www.berin.fo\/wp-content\/uploads\/2023\/02\/Poddvarp-1-1600x1131.jpg\" alt=\"\" style=\"object-position: 50% 50%\">\n            <\/div>\n\n    <div class=\"news-card--content\">\n        <div>\n            <h3>Hevur t\u00fa hoyrt okkara n\u00fdggja podd?<\/h3>\n    \n            <p>&#8220;Eg sakni teg&#8221; eitur n\u00fdggja poddvarpsr\u00f8\u00f0in hj\u00e1 Beranum. Poddurin er \u00ed fyrstu atl\u00f8gu \u00ed trimum p\u00f8rtum, i\u00f0 allir sn\u00fagva seg um sorg, sakn og v\u00f3n. Vit \u00ed Beranum takka inniliga S\u00f3lv\u00e1, J&#8230;<\/p>\n        <\/div>\n    \n        <small>22. feb. 2023&nbsp;&nbsp;|&nbsp;&nbsp;T\u00ed\u00f0indi<\/small>\n    <\/div>\n<\/a>                    <\/div>\n                    \n                                        \n                    <div class=\"swiper-slide\">\n                        \n<a class=\"news-card\" href=\"https:\/\/www.berin.fo\/berin-hevur-fingid-nyggja-heimasidu\/\">\n    <div class=\"news-card--image img-16-10\">\n                    <img decoding=\"async\" src=\"https:\/\/www.berin.fo\/wp-content\/uploads\/2023\/03\/Skaermbillede-2023-03-07-093021-1600x686.png\" alt=\"\" style=\"object-position: 50% 50%\">\n            <\/div>\n\n    <div class=\"news-card--content\">\n        <div>\n            <h3>Berin hevur fingi\u00f0 n\u00fdggja heimas\u00ed\u00f0u<\/h3>\n    \n            <p>N\u00fdggja heimas\u00ed\u00f0an hj\u00e1 Beranum er kl\u00e1r \u00e1 netinum. Gamla heimas\u00ed\u00f0an hev\u00f0i n\u00f8kur \u00e1r \u00e1 baki, og t\u00ed var\u00f0 mett, at t\u00f8rvur var \u00e1 eini n\u00fat\u00edmans heimas\u00ed\u00f0u, sum er smidligari og sn\u00f8ggari. Lu&#8230;<\/p>\n        <\/div>\n    \n        <small>22. feb. 2023&nbsp;&nbsp;|&nbsp;&nbsp;T\u00ed\u00f0indi<\/small>\n    <\/div>\n<\/a>                    <\/div>\n                    \n                                        \n                    <div class=\"swiper-slide\">\n                        \n<a class=\"news-card\" href=\"https:\/\/www.berin.fo\/hogt-vit-elska-tey-sum-mattu-vidari\/\">\n    <div class=\"news-card--image img-16-10\">\n                    <img decoding=\"async\" src=\"https:\/\/www.berin.fo\/wp-content\/uploads\/2023\/07\/Hjarta2-1-1600x1066.jpg\" alt=\"\" style=\"object-position: 50% 50%\">\n            <\/div>\n\n    <div class=\"news-card--content\">\n        <div>\n            <h3>H\u00f8gt vit elska tey sum m\u00e1ttu v\u00ed\u00f0ari<\/h3>\n    \n            <p>H\u00f8gt vit elska tey sum m\u00e1ttu v\u00ed\u00f0ari Tey leggja seg sum g\u00f3\u00f0ve\u00f0ursdagar \u00e1 hjarta okkara vi\u00f0 afturl\u00e6tnum eygum kanst t\u00fa hoyra minnini raka s\u00e1lina sum summarmilt alduskvatl. &#8211; Kristina&#8230;<\/p>\n        <\/div>\n    \n        <small>21. aug. 2022&nbsp;&nbsp;|&nbsp;&nbsp;M\u00edn s\u00f8ga<\/small>\n    <\/div>\n<\/a>                    <\/div>\n                    \n                                        \n                    <div class=\"swiper-slide\">\n                        \n<a class=\"news-card\" href=\"https:\/\/www.berin.fo\/tu\/\">\n    <div class=\"news-card--image img-16-10\">\n                    <img decoding=\"async\" src=\"https:\/\/www.berin.fo\/wp-content\/uploads\/2023\/07\/DSC_2516-1600x1067.jpg\" alt=\"\" style=\"object-position: 50% 50%\">\n            <\/div>\n\n    <div class=\"news-card--content\">\n        <div>\n            <h3>T\u00da<\/h3>\n    \n            <p>T\u00da hevur sj\u00e1lvur ligi\u00f0 l\u00e1gt so t\u00fa lyftir onnur upp hevur sj\u00e1lvur veri\u00f0 veikur so t\u00fa gevur \u00f8\u00f0rum styrki er sj\u00e1lvur blivin gloymdur so t\u00fa r\u00e6ttir \u00f8\u00f0rum hondina hevur sj\u00e1lvur havt br\u00fak&#8230;<\/p>\n        <\/div>\n    \n        <small> 9. des. 2021&nbsp;&nbsp;|&nbsp;&nbsp;M\u00edn s\u00f8ga<\/small>\n    <\/div>\n<\/a>                    <\/div>\n                    \n                                        \n                    <div class=\"swiper-slide\">\n                        \n<a class=\"news-card\" href=\"https:\/\/www.berin.fo\/nar-du-tror\/\">\n    <div class=\"news-card--image img-16-10\">\n                    <img decoding=\"async\" src=\"https:\/\/www.berin.fo\/wp-content\/uploads\/2023\/07\/Hjarta1-1-1600x1066.jpg\" alt=\"\" style=\"object-position: 50% 50%\">\n            <\/div>\n\n    <div class=\"news-card--content\">\n        <div>\n            <h3>N\u00e5r du tror<\/h3>\n    \n            <p>N\u00c5R DU TROR at du vil sk\u00e5ne meg ikke rippe opp i s\u00e5ret v\u00e6re litt forsiktig. Da s\u00e5rer du meg og skaper avstand. Jeg hungrer etter ord og tegn som viser at du forst\u00e5r hva som ligger &#8230;<\/p>\n        <\/div>\n    \n        <small> 3. okt. 2020&nbsp;&nbsp;|&nbsp;&nbsp;M\u00edn s\u00f8ga<\/small>\n    <\/div>\n<\/a>                    <\/div>\n                    \n                                        \n                    <div class=\"swiper-slide\">\n                        \n<a class=\"news-card\" href=\"https:\/\/www.berin.fo\/4252\/\">\n    <div class=\"news-card--image img-16-10\">\n                    <img decoding=\"async\" src=\"https:\/\/www.berin.fo\/wp-content\/uploads\/2023\/08\/Hvat-er-sorg2-1600x1066.jpg\" alt=\"\" style=\"object-position: 50% 50%\">\n            <\/div>\n\n    <div class=\"news-card--content\">\n        <div>\n            <h3>T\u00e1 t\u00fa heldur og tr\u00fdr<\/h3>\n    \n            <p>T\u00e1 t\u00fa heldur og tr\u00fdr, at t\u00fa meg man spara, ikki uppaftur s\u00e1ri\u00f0 skr\u00e6\u00f0a, ver varin, ver bl\u00ed\u00f0. T\u00ed t\u00e1 s\u00e6rir t\u00fa meg- og eg innantanna skr\u00edggji- og fl\u00fdggji m\u00edn veg. Eg hungri eftir or\u00f0um&#8230;<\/p>\n        <\/div>\n    \n        <small>21. mai. 2020&nbsp;&nbsp;|&nbsp;&nbsp;M\u00edn s\u00f8ga<\/small>\n    <\/div>\n<\/a>                    <\/div>\n                    \n                                        \n                    <div class=\"swiper-slide\">\n                        \n<a class=\"news-card\" href=\"https:\/\/www.berin.fo\/mammudagur\/\">\n    <div class=\"news-card--image img-16-10\">\n                    <img decoding=\"async\" src=\"https:\/\/www.berin.fo\/wp-content\/uploads\/2023\/02\/Um-sorg-2-1600x1066.jpg\" alt=\"\" style=\"object-position: 50% 50%\">\n            <\/div>\n\n    <div class=\"news-card--content\">\n        <div>\n            <h3>Mammudagur<\/h3>\n    \n            <p>&#8220;Dagurin vit forkela mammu vi\u00f0 morgunmati, bl\u00f3mum og g\u00e1vum. Eg minnist hendan dagin hugnaligan og fullan av k\u00e6rleika, i\u00f0 bert mammuhjarta kundi geva. Mamma kemur sm\u00edlandi uttar \u00ed k&#8230;<\/p>\n        <\/div>\n    \n        <small>12. mai. 2019&nbsp;&nbsp;|&nbsp;&nbsp;M\u00edn s\u00f8ga<\/small>\n    <\/div>\n<\/a>                    <\/div>\n                    \n                                        \n                    <div class=\"swiper-slide\">\n                        \n<a class=\"news-card\" href=\"https:\/\/www.berin.fo\/vid-gravir-sum-tina-ma-hugtakid-eingil-verda-fott\/\">\n    <div class=\"news-card--image img-16-10\">\n                    <img decoding=\"async\" src=\"https:\/\/www.berin.fo\/wp-content\/uploads\/2023\/02\/Um-sorg7-1600x1066.jpg\" alt=\"\" style=\"object-position: 50% 50%\">\n            <\/div>\n\n    <div class=\"news-card--content\">\n        <div>\n            <h3>Vi\u00f0 gravir sum t\u00edna, m\u00e1 hugtaki\u00f0 eingil ver\u00f0a f\u00f8tt!<\/h3>\n    \n            <p>Berin ger eitt \u00f3metaligt st\u00f3rt arbei\u00f0i. Var til ein morgunmat fyri n\u00f8krum \u00e1rum s\u00ed\u00f0ani \u00ed heimbygdini Oyndarfir\u00f0i. Umbo\u00f0 fyri Beran, sum eisini er \u00e6tta\u00f0 hagani, var vi\u00f0. Hon greiddi &#8230;<\/p>\n        <\/div>\n    \n        <small>28. sept. 2018&nbsp;&nbsp;|&nbsp;&nbsp;M\u00edn s\u00f8ga<\/small>\n    <\/div>\n<\/a>                    <\/div>\n                    \n                                        \n                    <div class=\"swiper-slide\">\n                        \n<a class=\"news-card\" href=\"https:\/\/www.berin.fo\/890-2\/\">\n    <div class=\"news-card--image img-16-10\">\n                    <img decoding=\"async\" src=\"https:\/\/www.berin.fo\/wp-content\/uploads\/2021\/11\/Bolkar7-1600x1066.jpg\" alt=\"\" style=\"object-position: 50% 50%\">\n            <\/div>\n\n    <div class=\"news-card--content\">\n        <div>\n            <h3>Ein p\u00e1pi skrivar&#8230;<\/h3>\n    \n            <p>&#8220;Ta\u00f0 hevur veri\u00f0 gevandi og til st\u00f3ra hj\u00e1lp at luttiki\u00f0 \u00ed sorgarb\u00f3lki fyri foreldur, sum hava mist b\u00f8rn: &#8211; At ver\u00f0a stu\u00f0la\u00f0ur til at seta or\u00f0 \u00e1 m\u00ednar tankar og kenslur. Samstundis &#8230;<\/p>\n        <\/div>\n    \n        <small>26. feb. 2016&nbsp;&nbsp;|&nbsp;&nbsp;M\u00edn s\u00f8ga<\/small>\n    <\/div>\n<\/a>                    <\/div>\n                    \n                                        \n                    <div class=\"swiper-slide\">\n                        \n<a class=\"news-card\" href=\"https:\/\/www.berin.fo\/ein-mamma-skrivar-2\/\">\n    <div class=\"news-card--image img-16-10\">\n                    <img decoding=\"async\" src=\"https:\/\/www.berin.fo\/wp-content\/uploads\/2022\/10\/DSC_6200-1600x1066.jpg\" alt=\"\" style=\"object-position: 50% 50%\">\n            <\/div>\n\n    <div class=\"news-card--content\">\n        <div>\n            <h3>Ein mamma skrivar&#8230;<\/h3>\n    \n            <p>&#8220;Vit komu \u00ed sorgarb\u00f3lk eini 4 m\u00f0r. eftir, vit h\u00f8vdu mist Malik. Vit m\u00f8ttust a\u00f0ru hv\u00f8rja viku \u00ed eitt h\u00e1lvt \u00e1r. Fyrst saman vi\u00f0 b\u00f3lkalei\u00f0arum nakrar fer\u00f0ir, har vit vi\u00f0gj\u00f8rdu ymisk e&#8230;<\/p>\n        <\/div>\n    \n        <small>25. feb. 2016&nbsp;&nbsp;|&nbsp;&nbsp;M\u00edn s\u00f8ga<\/small>\n    <\/div>\n<\/a>                    <\/div>\n                    \n                                        \n                    <div class=\"swiper-slide\">\n                        \n<a class=\"news-card\" href=\"https:\/\/www.berin.fo\/mamma-min\/\">\n    <div class=\"news-card--image img-16-10\">\n                    <img decoding=\"async\" src=\"https:\/\/www.berin.fo\/wp-content\/uploads\/2023\/04\/Billede1.jpg\" alt=\"\" style=\"object-position: 50% 50%\">\n            <\/div>\n\n    <div class=\"news-card--content\">\n        <div>\n            <h3>Mamma m\u00edn<\/h3>\n    \n            <p>Eg standi framman fyri vaskinum \u00ed k\u00f8kinum og hyggi \u00ed l\u00edtla spegli\u00f0, sum hongur beint uppiyvir &#8211; ta\u00f0 kann ikki passa &#8211; eg s\u00edggi meg sj\u00e1lva \u00ed speglinum, s\u00edggi at ta\u00f0 eri eg, men ta\u00f0 &#8230;<\/p>\n        <\/div>\n    \n        <small>15. nov. 2015&nbsp;&nbsp;|&nbsp;&nbsp;M\u00edn s\u00f8ga<\/small>\n    <\/div>\n<\/a>                    <\/div>\n                    \n                                        \n                    <div class=\"swiper-slide\">\n                        \n<a class=\"news-card\" href=\"https:\/\/www.berin.fo\/malningar-og-yrking\/\">\n    <div class=\"news-card--image img-16-10\">\n                    <img decoding=\"async\" src=\"https:\/\/www.berin.fo\/wp-content\/uploads\/2012\/11\/Malningur1.jpg\" alt=\"\" style=\"object-position: 50% 50%\">\n            <\/div>\n\n    <div class=\"news-card--content\">\n        <div>\n            <h3>Eg hev\u00f0i ynskt eg var hj\u00e1 t\u00e6r<\/h3>\n    \n            <p>Eg hev\u00f0i ynskt eg var hj\u00e1 t\u00e6r. Har alt er gott. Har eingin sorg er, eingin \u00f3tti, eingin p\u00edna. Har alt er fagurt. Einki at hugsa um, og einki at vera bangin fyri. Har lj\u00f3sarey\u00f0ir da&#8230;<\/p>\n        <\/div>\n    \n        <small> 5. nov. 2012&nbsp;&nbsp;|&nbsp;&nbsp;M\u00edn s\u00f8ga<\/small>\n    <\/div>\n<\/a>                    <\/div>\n                    \n                                        \n                    <div class=\"swiper-slide\">\n                        \n<a class=\"news-card\" href=\"https:\/\/www.berin.fo\/engel\/\">\n    <div class=\"news-card--image img-16-10\">\n                    <img decoding=\"async\" src=\"https:\/\/www.berin.fo\/wp-content\/uploads\/2023\/02\/Um-sorg13-1600x1066.jpg\" alt=\"\" style=\"object-position: 50% 50%\">\n            <\/div>\n\n    <div class=\"news-card--content\">\n        <div>\n            <h3>Engel<\/h3>\n    \n            <p>&#8220;Du holdt om mig, du krammede mig. Du var en engel, du er en engel. Du holdt om mig, du sang for mig. Vi grinte sammen, vi sang sammen. Du holdt om mig, du kildede mig. Du kiggede &#8230;<\/p>\n        <\/div>\n    \n        <small>14. sept. 2011&nbsp;&nbsp;|&nbsp;&nbsp;M\u00edn s\u00f8ga<\/small>\n    <\/div>\n<\/a>                    <\/div>\n                    \n                                        \n                    <div class=\"swiper-slide\">\n                        \n<a class=\"news-card\" href=\"https:\/\/www.berin.fo\/tar\/\">\n    <div class=\"news-card--image img-16-10\">\n                    <img decoding=\"async\" src=\"https:\/\/www.berin.fo\/wp-content\/uploads\/2022\/08\/DSC_6204-1-1600x1066.jpg\" alt=\"\" style=\"object-position: 50% 50%\">\n            <\/div>\n\n    <div class=\"news-card--content\">\n        <div>\n            <h3>T\u00e1r<\/h3>\n    \n            <p>&#8221;Gull t\u00e1r, hava eina so st\u00f3ra gle\u00f0i. Eg hev\u00f0i gull t\u00e1r. &nbsp;Silvur t\u00e1r, hava ein st\u00f3ran tryggleika. Eg hev\u00f0i silvur t\u00e1r. &nbsp;Sv\u00f8rt t\u00e1r, hava eina st\u00f3ra sorg. Eg havi sv\u00f8rt t\u00e1r&#8230;<\/p>\n        <\/div>\n    \n        <small>11. mai. 2011&nbsp;&nbsp;|&nbsp;&nbsp;M\u00edn s\u00f8ga<\/small>\n    <\/div>\n<\/a>                    <\/div>\n                    \n                                        \n                    <div class=\"swiper-slide\">\n                        \n<a class=\"news-card\" href=\"https:\/\/www.berin.fo\/14-ara-gomul-genta-id-misti-papa-sin-sum-8-ara-gomul\/\">\n    <div class=\"news-card--image img-16-10\">\n                    <img decoding=\"async\" src=\"https:\/\/www.berin.fo\/wp-content\/uploads\/2023\/04\/Min-soga-1600x1066.jpg\" alt=\"\" style=\"object-position: 50% 50%\">\n            <\/div>\n\n    <div class=\"news-card--content\">\n        <div>\n            <h3>Ein 14 \u00e1ra gomul genta skrivar&#8230;<\/h3>\n    \n            <p>\u201cEg eri ein 14 \u00e1ra gomul genta, og eg misti p\u00e1pa m\u00edn t\u00e1 eg var 8 \u00e1ra gomul.&nbsp; Eg vildi ikki \u00ed sorgarb\u00f3lk, beint t\u00e1 p\u00e1pi m\u00edn doy\u00f0i, t\u00ed eg var bangin. Eg tordi ikki \u00ed sorgarb\u00f3lk,&#8230;<\/p>\n        <\/div>\n    \n        <small>13. apr. 2010&nbsp;&nbsp;|&nbsp;&nbsp;M\u00edn s\u00f8ga<\/small>\n    <\/div>\n<\/a>                    <\/div>\n                    \n                                        \n                    <div class=\"swiper-slide\">\n                        \n<a class=\"news-card\" href=\"https:\/\/www.berin.fo\/sangur-til-babba\/\">\n    <div class=\"news-card--image img-16-10\">\n                    <img decoding=\"async\" src=\"https:\/\/www.berin.fo\/wp-content\/uploads\/2023\/02\/Studul1-1600x1066.jpg\" alt=\"\" style=\"object-position: 50% 50%\">\n            <\/div>\n\n    <div class=\"news-card--content\">\n        <div>\n            <h3>Sangur til babba<\/h3>\n    \n            <p>Hesi t\u00e1r ofta hava runni\u00f0 ni\u00f0ur T\u00e1 eg tonki upp\u00e1 teg, syngi eg Eg sakni teg p\u00e1pi m\u00edn, ja, so sera T\u00edtt sm\u00edl, sera t\u00edtt sm\u00edl T\u00e1 t\u00fa helt um meg, ja, so skuldi alt n\u00fa vera so gott men&#8230;<\/p>\n        <\/div>\n    \n        <small> 2. okt. 2009&nbsp;&nbsp;|&nbsp;&nbsp;M\u00edn s\u00f8ga<\/small>\n    <\/div>\n<\/a>                    <\/div>\n                    \n                                        \n                    <div class=\"swiper-slide\">\n                        \n<a class=\"news-card\" href=\"https:\/\/www.berin.fo\/tognin-um-deydan-hevur-givid-eitt-djupt-sar-i-mina-sal\/\">\n    <div class=\"news-card--image img-16-10\">\n                    <img decoding=\"async\" src=\"https:\/\/www.berin.fo\/wp-content\/uploads\/2023\/02\/Samrodur4-1600x1066.jpg\" alt=\"\" style=\"object-position: 50% 50%\">\n            <\/div>\n\n    <div class=\"news-card--content\">\n        <div>\n            <h3>T\u00f8gnin um dey\u00f0an hevur givi\u00f0 eitt dj\u00fapt s\u00e1r \u00ed m\u00edna s\u00e1l<\/h3>\n    \n            <p>Eg eri ein kvinna \u00ed 50&#8217;unum. T\u00e1 eg var barn, umlei\u00f0 3 ella 4 \u00e1r, fekk mamma sta\u00f0fest br\u00f3stkrabba, sum s\u00ed\u00f0an spjaddi seg allasta\u00f0ni. Hon var ofta \u00e1 sj\u00fakrah\u00fasi, men ikki var\u00f0 n\u00f8kur f&#8230;<\/p>\n        <\/div>\n    \n        <small> 2. mai. 2004&nbsp;&nbsp;|&nbsp;&nbsp;M\u00edn s\u00f8ga<\/small>\n    <\/div>\n<\/a>                    <\/div>\n                    \n                                        \n                    <div class=\"swiper-slide\">\n                        \n<a class=\"news-card\" href=\"https:\/\/www.berin.fo\/kinesisk-ordatok\/\">\n    <div class=\"news-card--image img-16-10\">\n                    <img decoding=\"async\" src=\"https:\/\/www.berin.fo\/wp-content\/uploads\/2023\/02\/Um-sorg10-1600x1066.jpg\" alt=\"\" style=\"object-position: 50% 50%\">\n            <\/div>\n\n    <div class=\"news-card--content\">\n        <div>\n            <h3>Kinesisk or\u00f0at\u00f8k<\/h3>\n    \n            <p>&#8220;Man kan ikke hindre sorgens fugle i at flyve hen over sit hoved, men man kan hindre dem i at bygge rede i sit h\u00e5r.&#8221; &#8211; Gamalt kinesiskt or\u00f0atak &#8220;Sorgen er som en trekant i hjertet,&#8230;<\/p>\n        <\/div>\n    \n        <small> 5. feb. 2004&nbsp;&nbsp;|&nbsp;&nbsp;M\u00edn s\u00f8ga<\/small>\n    <\/div>\n<\/a>                    <\/div>\n                    \n                                        \n                    <div class=\"swiper-slide\">\n                        \n<a class=\"news-card\" href=\"https:\/\/www.berin.fo\/sorg\/\">\n    <div class=\"news-card--image img-16-10\">\n                    <img decoding=\"async\" src=\"https:\/\/www.berin.fo\/wp-content\/uploads\/2023\/02\/Tidindi-1600x1066.jpg\" alt=\"\" style=\"object-position: 50% 50%\">\n            <\/div>\n\n    <div class=\"news-card--content\">\n        <div>\n            <h3>Sorg<\/h3>\n    \n            <p>Fyri stuttum var\u00f0 b\u00f3lkur stovna\u00f0ur vi\u00f0 t\u00ed endam\u00e1li at stu\u00f0la tey, i\u00f0 hava mist onkran. Hetta er eitt gott og k\u00e6rkomi\u00f0 tiltak, og eiga tey, i\u00f0 hava tiki\u00f0 stig til hetta, st\u00f3ra t\u00f8kk &#8230;<\/p>\n        <\/div>\n    \n        <small>20. nov. 2003&nbsp;&nbsp;|&nbsp;&nbsp;M\u00edn s\u00f8ga<\/small>\n    <\/div>\n<\/a>                    <\/div>\n                    \n                                        \n                    <div class=\"swiper-slide\">\n                        \n<a class=\"news-card\" href=\"https:\/\/www.berin.fo\/eyguni-fyllast\/\">\n    <div class=\"news-card--image img-16-10\">\n                    <img decoding=\"async\" src=\"https:\/\/www.berin.fo\/wp-content\/uploads\/2023\/02\/Um-sorg2-1600x1066.jpg\" alt=\"\" style=\"object-position: 50% 50%\">\n            <\/div>\n\n    <div class=\"news-card--content\">\n        <div>\n            <h3>Eyguni fyllast<\/h3>\n    \n            <p>N\u00edvandi sorgin hevur mong andlit higstrandi gr\u00e1tin sum ein kaldur kn\u00fatur \u00ed br\u00f3stinum t\u00ed t\u00fa vinur okkara ert ikki meir \u00e6viga meiningsloysi\u00f0 t\u00ed t\u00fa ikki komst aftur r\u00e6ttv\u00edsu vrei\u00f0ina &#8230;<\/p>\n        <\/div>\n    \n        <small>12. aug. 2003&nbsp;&nbsp;|&nbsp;&nbsp;M\u00edn s\u00f8ga<\/small>\n    <\/div>\n<\/a>                    <\/div>\n                    \n                    \n            <\/div>\n                        <\/div>\n            <\/div>\n            <div class=\"pagination-container\">\n                <div class=\"swiper-button-prev\"><\/div>\n                <div class=\"swiper-pagination\"><\/div>\n                <div class=\"swiper-button-next\"><\/div>\n            <\/div>\n            <\/div>\n\n\n\n\n\n<div style=\"height:60px\" aria-hidden=\"true\" class=\"wp-block-spacer\"><\/div>\n","protected":false},"excerpt":{"rendered":"<p>\u041d\u043e\u0432\u0456 \u0442\u0430 \u0441\u0442\u0430\u0440\u0456 \u043d\u043e\u0432\u0438\u043d\u0438.<\/p>\n","protected":false},"author":2,"featured_media":0,"parent":0,"menu_order":14,"comment_status":"closed","ping_status":"closed","template":"","meta":{"_acf_changed":false,"footnotes":"","_links_to":"","_links_to_target":""},"class_list":["post-5247","page","type-page","status-publish","hentry"],"acf":[],"yoast_head":"<!-- This site is optimized with the Yoast SEO plugin v27.5 - https:\/\/yoast.com\/product\/yoast-seo-wordpress\/ -->\n<title>T\u00ed\u00f0indi - Berin<\/title>\n<meta name=\"robots\" content=\"index, follow, max-snippet:-1, max-image-preview:large, max-video-preview:-1\" \/>\n<link rel=\"canonical\" href=\"https:\/\/www.berin.fo\/uk\/tidindi\/\" \/>\n<meta property=\"og:locale\" content=\"uk_UA\" \/>\n<meta property=\"og:type\" content=\"article\" \/>\n<meta property=\"og:title\" content=\"T\u00ed\u00f0indi - Berin\" \/>\n<meta property=\"og:description\" content=\"\u041d\u043e\u0432\u0456 \u0442\u0430 \u0441\u0442\u0430\u0440\u0456 \u043d\u043e\u0432\u0438\u043d\u0438.\" \/>\n<meta property=\"og:url\" content=\"https:\/\/www.berin.fo\/uk\/tidindi\/\" \/>\n<meta property=\"og:site_name\" content=\"Berin\" \/>\n<meta property=\"article:modified_time\" content=\"2024-07-18T09:28:50+00:00\" \/>\n<meta property=\"og:image\" content=\"https:\/\/www.berin.fo\/wp-content\/uploads\/2023\/02\/Tidindi.jpg\" \/>\n<meta name=\"twitter:card\" content=\"summary_large_image\" \/>\n<meta name=\"twitter:label1\" content=\"\u041f\u0440\u0438\u0431\u043b. \u0447\u0430\u0441 \u0447\u0438\u0442\u0430\u043d\u043d\u044f\" \/>\n\t<meta name=\"twitter:data1\" content=\"1 \u0445\u0432\u0438\u043b\u0438\u043d\u0430\" \/>\n<script type=\"application\/ld+json\" class=\"yoast-schema-graph\">{\"@context\":\"https:\\\/\\\/schema.org\",\"@graph\":[{\"@type\":\"WebPage\",\"@id\":\"https:\\\/\\\/www.berin.fo\\\/uk\\\/tidindi\\\/\",\"url\":\"https:\\\/\\\/www.berin.fo\\\/uk\\\/tidindi\\\/\",\"name\":\"T\u00ed\u00f0indi - Berin\",\"isPartOf\":{\"@id\":\"https:\\\/\\\/www.berin.fo\\\/#website\"},\"primaryImageOfPage\":{\"@id\":\"https:\\\/\\\/www.berin.fo\\\/uk\\\/tidindi\\\/#primaryimage\"},\"image\":{\"@id\":\"https:\\\/\\\/www.berin.fo\\\/uk\\\/tidindi\\\/#primaryimage\"},\"thumbnailUrl\":\"https:\\\/\\\/www.berin.fo\\\/wp-content\\\/uploads\\\/2023\\\/02\\\/Tidindi.jpg\",\"datePublished\":\"2021-10-14T21:37:17+00:00\",\"dateModified\":\"2024-07-18T09:28:50+00:00\",\"breadcrumb\":{\"@id\":\"https:\\\/\\\/www.berin.fo\\\/uk\\\/tidindi\\\/#breadcrumb\"},\"inLanguage\":\"uk\",\"potentialAction\":[{\"@type\":\"ReadAction\",\"target\":[\"https:\\\/\\\/www.berin.fo\\\/uk\\\/tidindi\\\/\"]}]},{\"@type\":\"ImageObject\",\"inLanguage\":\"uk\",\"@id\":\"https:\\\/\\\/www.berin.fo\\\/uk\\\/tidindi\\\/#primaryimage\",\"url\":\"https:\\\/\\\/www.berin.fo\\\/wp-content\\\/uploads\\\/2023\\\/02\\\/Tidindi.jpg\",\"contentUrl\":\"https:\\\/\\\/www.berin.fo\\\/wp-content\\\/uploads\\\/2023\\\/02\\\/Tidindi.jpg\"},{\"@type\":\"BreadcrumbList\",\"@id\":\"https:\\\/\\\/www.berin.fo\\\/uk\\\/tidindi\\\/#breadcrumb\",\"itemListElement\":[{\"@type\":\"ListItem\",\"position\":1,\"name\":\"Home\",\"item\":\"https:\\\/\\\/www.berin.fo\\\/uk\\\/\"},{\"@type\":\"ListItem\",\"position\":2,\"name\":\"T\u00ed\u00f0indi\"}]},{\"@type\":\"WebSite\",\"@id\":\"https:\\\/\\\/www.berin.fo\\\/#website\",\"url\":\"https:\\\/\\\/www.berin.fo\\\/\",\"name\":\"Berin\",\"description\":\"Berin\",\"potentialAction\":[{\"@type\":\"SearchAction\",\"target\":{\"@type\":\"EntryPoint\",\"urlTemplate\":\"https:\\\/\\\/www.berin.fo\\\/?s={search_term_string}\"},\"query-input\":{\"@type\":\"PropertyValueSpecification\",\"valueRequired\":true,\"valueName\":\"search_term_string\"}}],\"inLanguage\":\"uk\"}]}<\/script>\n<!-- \/ Yoast SEO plugin. -->","yoast_head_json":{"title":"T\u00ed\u00f0indi - Berin","robots":{"index":"index","follow":"follow","max-snippet":"max-snippet:-1","max-image-preview":"max-image-preview:large","max-video-preview":"max-video-preview:-1"},"canonical":"https:\/\/www.berin.fo\/uk\/tidindi\/","og_locale":"uk_UA","og_type":"article","og_title":"T\u00ed\u00f0indi - Berin","og_description":"\u041d\u043e\u0432\u0456 \u0442\u0430 \u0441\u0442\u0430\u0440\u0456 \u043d\u043e\u0432\u0438\u043d\u0438.","og_url":"https:\/\/www.berin.fo\/uk\/tidindi\/","og_site_name":"Berin","article_modified_time":"2024-07-18T09:28:50+00:00","og_image":[{"url":"https:\/\/www.berin.fo\/wp-content\/uploads\/2023\/02\/Tidindi.jpg","type":"","width":"","height":""}],"twitter_card":"summary_large_image","twitter_misc":{"\u041f\u0440\u0438\u0431\u043b. \u0447\u0430\u0441 \u0447\u0438\u0442\u0430\u043d\u043d\u044f":"1 \u0445\u0432\u0438\u043b\u0438\u043d\u0430"},"schema":{"@context":"https:\/\/schema.org","@graph":[{"@type":"WebPage","@id":"https:\/\/www.berin.fo\/uk\/tidindi\/","url":"https:\/\/www.berin.fo\/uk\/tidindi\/","name":"T\u00ed\u00f0indi - Berin","isPartOf":{"@id":"https:\/\/www.berin.fo\/#website"},"primaryImageOfPage":{"@id":"https:\/\/www.berin.fo\/uk\/tidindi\/#primaryimage"},"image":{"@id":"https:\/\/www.berin.fo\/uk\/tidindi\/#primaryimage"},"thumbnailUrl":"https:\/\/www.berin.fo\/wp-content\/uploads\/2023\/02\/Tidindi.jpg","datePublished":"2021-10-14T21:37:17+00:00","dateModified":"2024-07-18T09:28:50+00:00","breadcrumb":{"@id":"https:\/\/www.berin.fo\/uk\/tidindi\/#breadcrumb"},"inLanguage":"uk","potentialAction":[{"@type":"ReadAction","target":["https:\/\/www.berin.fo\/uk\/tidindi\/"]}]},{"@type":"ImageObject","inLanguage":"uk","@id":"https:\/\/www.berin.fo\/uk\/tidindi\/#primaryimage","url":"https:\/\/www.berin.fo\/wp-content\/uploads\/2023\/02\/Tidindi.jpg","contentUrl":"https:\/\/www.berin.fo\/wp-content\/uploads\/2023\/02\/Tidindi.jpg"},{"@type":"BreadcrumbList","@id":"https:\/\/www.berin.fo\/uk\/tidindi\/#breadcrumb","itemListElement":[{"@type":"ListItem","position":1,"name":"Home","item":"https:\/\/www.berin.fo\/uk\/"},{"@type":"ListItem","position":2,"name":"T\u00ed\u00f0indi"}]},{"@type":"WebSite","@id":"https:\/\/www.berin.fo\/#website","url":"https:\/\/www.berin.fo\/","name":"Berin","description":"Berin","potentialAction":[{"@type":"SearchAction","target":{"@type":"EntryPoint","urlTemplate":"https:\/\/www.berin.fo\/?s={search_term_string}"},"query-input":{"@type":"PropertyValueSpecification","valueRequired":true,"valueName":"search_term_string"}}],"inLanguage":"uk"}]}},"_links":{"self":[{"href":"https:\/\/www.berin.fo\/uk\/wp-json\/wp\/v2\/pages\/5247","targetHints":{"allow":["GET"]}}],"collection":[{"href":"https:\/\/www.berin.fo\/uk\/wp-json\/wp\/v2\/pages"}],"about":[{"href":"https:\/\/www.berin.fo\/uk\/wp-json\/wp\/v2\/types\/page"}],"author":[{"embeddable":true,"href":"https:\/\/www.berin.fo\/uk\/wp-json\/wp\/v2\/users\/2"}],"replies":[{"embeddable":true,"href":"https:\/\/www.berin.fo\/uk\/wp-json\/wp\/v2\/comments?post=5247"}],"version-history":[{"count":2,"href":"https:\/\/www.berin.fo\/uk\/wp-json\/wp\/v2\/pages\/5247\/revisions"}],"predecessor-version":[{"id":5275,"href":"https:\/\/www.berin.fo\/uk\/wp-json\/wp\/v2\/pages\/5247\/revisions\/5275"}],"wp:attachment":[{"href":"https:\/\/www.berin.fo\/uk\/wp-json\/wp\/v2\/media?parent=5247"}],"curies":[{"name":"wp","href":"https:\/\/api.w.org\/{rel}","templated":true}]}}